{"id":18656,"date":"2026-03-17T09:36:24","date_gmt":"2026-03-17T08:36:24","guid":{"rendered":"https:\/\/ipcszeged.hu\/?page_id=18656"},"modified":"2026-03-17T09:36:25","modified_gmt":"2026-03-17T08:36:25","slug":"tvt26","status":"publish","type":"page","link":"https:\/\/ipcszeged.hu\/index.php\/tvt26\/","title":{"rendered":"TVT&#8217;26"},"content":{"rendered":"<p style=\"text-align: justify;\">Az idei Tesz-Vesz Tavasz programunk keret\u00e9ben ism\u00e9t arra h\u00edvunk Benneteket, hogy k\u00f6z\u00f6sen tegy\u00fcnk egym\u00e1s\u00e9rt \u00e9s a k\u00f6rnyezet\u00fcnk\u00e9rt! Az idei Tesz-Vesz Tavasz c\u00e9lja, hogy kialakuljon hittanosainkban a felel\u0151ss\u00e9gteljes, k\u00f6rnyezettudatos szeml\u00e9let, valamint a teremtett vil\u00e1g ir\u00e1nti tisztelet \u00e9s megbecs\u00fcl\u00e9s. A mai vil\u00e1gban egyre t\u00f6bb szemetet termel\u00fcnk, mik\u00f6zben sokszor megfeledkez\u00fcnk arr\u00f3l, hogy a term\u00e9szet Isten aj\u00e1nd\u00e9ka, amely\u00e9rt felel\u0151s\u00e9ggel tartozunk.<\/p>\n<p style=\"text-align: justify;\">&nbsp;<\/p>\n<ol style=\"text-align: justify;\">\n<li><strong> Szent Ferenc Nap:<\/strong><\/li>\n<\/ol>\n<p style=\"text-align: justify;\"><strong>Arra b\u00e1tor\u00edtunk Benneteket, hogy gondoljatok ki \u00e9s val\u00f3s\u00edtsatok meg a k\u00f6rnyezetetekben egy legal\u00e1bb 4 \u00f3r\u00e1s programot vagy projektet, amely a teremt\u00e9sv\u00e9delemre \u00e9s az \u00e1llatok szeretet\u00e9re h\u00edvja fel a figyelmet, Szent Ferenc lelk\u00fclet\u00e9ben. <\/strong><\/p>\n<p style=\"text-align: justify;\">\u00c9rdemes v\u00e9giggondolni hogyan tehetn\u00e9tek a teremtett vil\u00e1got szebb\u00e9 Szent Ferenc-i lelk\u00fclettel, mik\u00f6zben igyekeztek min\u00e9l kevesebb hullad\u00e9kot termelni.<\/p>\n<p style=\"text-align: justify;\">&nbsp;A program sor\u00e1n j\u00f3, ha megjelennek a k\u00f6vetkez\u0151 gondolatok:<\/p>\n<ul>\n<li style=\"text-align: justify;\">Az <strong>egyszer\u0171s\u00e9g \u00e9s szer\u00e9nys\u00e9g<\/strong>. Szent Ferenc szerint nem az anyagi javak a legfontosabbak. Az ember pr\u00f3b\u00e1ljon egyszer\u0171en \u00e9lni \u00e9s ne legyen t\u00falzottan ragaszkod\u00f3 a dolgokhoz.<\/li>\n<li style=\"text-align: justify;\">A <strong>szeretet minden teremtm\u00e9ny ir\u00e1nt<\/strong>. A term\u00e9szetet, az \u00e1llatokat \u00e9s az embereket is tisztelettel kell kezelni, mert mindannyian Isten teremtm\u00e9nyei vagyunk.<\/li>\n<li style=\"text-align: justify;\">A <strong>b\u00e9ke \u00e9s j\u00f3s\u00e1g, <\/strong>igyekezz\u00fcnk b\u00e9k\u00e9t teremteni m\u00e1sok k\u00f6z\u00f6tt, seg\u00edteni a r\u00e1szorul\u00f3kat \u00e9s kedvesen viselkedni.<\/li>\n<li style=\"text-align: justify;\"><strong>A h\u00e1la a teremtett vil\u00e1g\u00e9rt<\/strong>. Fontos, hogy az ember h\u00e1l\u00e1s legyen a term\u00e9szet\u00e9rt. A nap\u00e9rt, a v\u00edz\u00e9rt, a f\u00f6ld\u00e9rt \u00e9s minden \u00e9l\u0151l\u00e9ny\u00e9rt.<\/li>\n<\/ul>\n<p style=\"text-align: justify;\">A program lehet p\u00e9ld\u00e1ul \u2019\u00d6ko-nap\u2019, \u2019hullad\u00e9kmentes nap\u2019 vagy ak\u00e1r a j\u00f3l ismert templomkert takar\u00edt\u00e1st, a l\u00e9nyeg, hogy jelenjen meg benne a Szent Ferenc-i lelk\u00fclet.<\/p>\n<p style=\"text-align: justify;\">K\u00e9rj\u00fck, hogy a kital\u00e1lt, majd megval\u00f3s\u00edtott programot egy minimum egy A\/4 oldalas \u00f6sszefoglal\u00e1sban, k\u00e9pekkel igazolva k\u00fcldd el a lent l\u00e1that\u00f3 e-mail c\u00edmre!<\/p>\n<ol style=\"text-align: justify;\" start=\"2\">\n<li><strong>Vissza a term\u00e9szetbe:<\/strong><\/li>\n<\/ol>\n<p style=\"text-align: justify;\"><strong>Ebben a r\u00e9szben arra h\u00edvunk Benneteket, hogy egy 2 napos program keret\u00e9ben h\u00edvj\u00e1tok fel a figyelmet a term\u00e9szetk\u00f6zeli \u00e9let fontoss\u00e1g\u00e1ra.<\/strong><\/p>\n<p style=\"text-align: justify;\">Szervezhettek p\u00e9ld\u00e1ul egy tudatos k\u00f6zleked\u00e9si napot, amikor az aut\u00f3 helyett gyalog, ker\u00e9kp\u00e1rral vagy t\u00f6megk\u00f6zleked\u00e9ssel \u00e9rkeztek az iskol\u00e1ba vagy a pl\u00e9b\u00e1ni\u00e1ra.<\/p>\n<p style=\"text-align: justify;\">Lehet\u0151s\u00e9g lehet egy k\u00f6z\u00f6s gyalogos zar\u00e1ndoklat megszervez\u00e9se is, ahol a csend \u00e9s a szeml\u00e9l\u0151d\u00e9s seg\u00edt jobban r\u00e1csod\u00e1lkozni k\u00f6rnyezet\u00fcnk sz\u00e9ps\u00e9g\u00e9re. A term\u00e9szetben zar\u00e1ndokolva a r\u00e9sztvev\u0151k megfigyelhetik a teremtett vil\u00e1g \u00e9rt\u00e9keit \u00e9s sz\u00e9ps\u00e9g\u00e9t. A program sor\u00e1n \u00e9rdemes id\u0151t sz\u00e1nni arra is, hogy k\u00f6z\u00f6sen megismerj\u00e9tek \u00e9s \u00e1telm\u00e9lkedj\u00e9tek Assisi Szent Ferenc Naphimnusz\u00e1t.<\/p>\n<p style=\"text-align: justify;\">K\u00e9rj\u00fck, hogy a kital\u00e1lt, majd megval\u00f3s\u00edtott programot egy minimum egy A\/4 oldalas \u00f6sszefoglal\u00e1sban, k\u00e9pekkel igazolva k\u00fcldd el a lent l\u00e1that\u00f3 e-mail c\u00edmre!<\/p>\n<ol start=\"4\">\n<li><strong> Lorax: <\/strong><\/li>\n<\/ol>\n<p><strong>Szervezzetek egy film estet \u00e9s n\u00e9zz\u00e9tek meg k\u00f6z\u00f6sen a Lorax c\u00edm\u0171 filmet, majd egy csoportos foglalkoz\u00e1sban elm\u00e9lkedjetek r\u00f3la \u00e9s \u00e9rt\u00e9kelj\u00e9tek.<\/strong><\/p>\n<p style=\"text-align: justify;\"><strong>&nbsp;<\/strong>A Lorax Dr. Seuss klasszikus mes\u00e9j\u00e9nek anim\u00e1ci\u00f3s adapt\u00e1ci\u00f3ja, melyben egy fi\u00fa keresi azt az egyetlen dolgot, amivel belophatja mag\u00e1t \u00e1lmai h\u00f6lgy\u00e9nek sz\u00edv\u00e9be. Ehhez azonban meg kell fejtenie a Lorax t\u00f6rt\u00e9net\u00e9t. A Lorax egy zs\u00e9mbes, m\u00e9gis elb\u0171v\u00f6l\u0151 l\u00e9ny, aki az\u00e9rt harcol, hogy megv\u00e9dje vil\u00e1g\u00e1t.<br \/>\nA f\u0151szerepl\u0151nk egy 12 \u00e9ves sr\u00e1c, Ted, aki Ankell falv\u00e1n \u00e9l, ami egy nagyon furcsa hely. Minden g\u00e9pes\u00edtve van, nincsenek n\u00f6v\u00e9nyek, emiatt nincs tiszta leveg\u0151, az emberek teljesen m\u00e1s norm\u00e1k szerint \u00e9lnek, mint kor\u00e1bban. Van ami azonban nem v\u00e1ltozott. P\u00e9ld\u00e1ul a fi\u00fak \u00e9s a l\u00e1nyok k\u00f6z\u00f6tti vonzalom: Tednek nagyon tetszik egy l\u00e1ny, Audrey, akinek a legnagyobb v\u00e1gya, hogy egyszer l\u00e1sson egy igazi f\u00e1t. Tednek teh\u00e1t nem marad m\u00e1s v\u00e1laszt\u00e1sa, mint ker\u00edteni egyet. De hogyan?<\/p>\n<p style=\"text-align: justify;\">B\u00edzunk benne, hogy a k\u00f6z\u00f6sen elt\u00f6lt\u00f6tt id\u0151 \u00f6r\u00f6met hoz mindenkinek!<br \/>\nK\u00e9rj\u00fck, a megval\u00f3s\u00edtott programot egy minimum egy A\/4 oldalas \u00f6sszefoglal\u00e1sban, k\u00e9pekkel igazolva k\u00fcldd el a lent olvashat\u00f3 linken!<\/p>\n<p>A bek\u00fcld\u00f6tt dokumentumokat k\u00e9rj\u00fck k\u00fcldd el az ipc.szeged@gmail.com&nbsp; e-mail c\u00edmre.<\/p>\n ","protected":false},"excerpt":{"rendered":"<p>Az idei Tesz-Vesz Tavasz programunk keret\u00e9ben ism\u00e9t arra h\u00edvunk Benneteket, hogy k\u00f6z\u00f6sen tegy\u00fcnk egym\u00e1s\u00e9rt \u00e9s a k\u00f6rnyezet\u00fcnk\u00e9rt! Az idei Tesz-Vesz Tavasz c\u00e9lja, hogy kialakuljon hittanosainkban a felel\u0151ss\u00e9gteljes, k\u00f6rnyezettudatos szeml\u00e9let, valamint a teremtett vil\u00e1g ir\u00e1nti tisztelet \u00e9s megbecs\u00fcl\u00e9s. A mai vil\u00e1gban egyre t\u00f6bb szemetet termel\u00fcnk, mik\u00f6zben sokszor megfeledkez\u00fcnk arr\u00f3l, hogy a term\u00e9szet Isten aj\u00e1nd\u00e9ka, amely\u00e9rt felel\u0151s\u00e9ggel&hellip; <br \/> <a class=\"read-more\" href=\"https:\/\/ipcszeged.hu\/index.php\/tvt26\/\">Read more<\/a><\/p>\n","protected":false},"author":1,"featured_media":0,"parent":0,"menu_order":0,"comment_status":"closed","ping_status":"closed","template":"","meta":{"ngg_post_thumbnail":0,"footnotes":""},"class_list":["post-18656","page","type-page","status-publish","hentry"],"_links":{"self":[{"href":"https:\/\/ipcszeged.hu\/index.php\/wp-json\/wp\/v2\/pages\/18656","targetHints":{"allow":["GET"]}}],"collection":[{"href":"https:\/\/ipcszeged.hu\/index.php\/wp-json\/wp\/v2\/pages"}],"about":[{"href":"https:\/\/ipcszeged.hu\/index.php\/wp-json\/wp\/v2\/types\/page"}],"author":[{"embeddable":true,"href":"https:\/\/ipcszeged.hu\/index.php\/wp-json\/wp\/v2\/users\/1"}],"replies":[{"embeddable":true,"href":"https:\/\/ipcszeged.hu\/index.php\/wp-json\/wp\/v2\/comments?post=18656"}],"version-history":[{"count":1,"href":"https:\/\/ipcszeged.hu\/index.php\/wp-json\/wp\/v2\/pages\/18656\/revisions"}],"predecessor-version":[{"id":18657,"href":"https:\/\/ipcszeged.hu\/index.php\/wp-json\/wp\/v2\/pages\/18656\/revisions\/18657"}],"wp:attachment":[{"href":"https:\/\/ipcszeged.hu\/index.php\/wp-json\/wp\/v2\/media?parent=18656"}],"curies":[{"name":"wp","href":"https:\/\/api.w.org\/{rel}","templated":true}]}}